{"id":97,"date":"2022-11-24T16:59:25","date_gmt":"2022-11-24T15:59:25","guid":{"rendered":"http:\/\/wordpress.localhost\/?page_id=97"},"modified":"2026-03-30T17:37:11","modified_gmt":"2026-03-30T15:37:11","slug":"acceuil","status":"publish","type":"page","link":"https:\/\/www.revarrhone.org\/","title":{"rendered":""},"content":{"rendered":"\n<h2 class=\"wp-block-heading\">Bienvenue<\/h2>\n\n\n\n<blockquote class=\"wp-block-quote is-layout-flow wp-block-quote-is-layout-flow\">\n<p class=\"has-text-align-left\">Le Registre du Rh\u00f4ne des victimes d\u2019accidents de la circulation routi\u00e8re r\u00e9alise, depuis 1995, un enregistrement continu et le plus exhaustif possible des victimes en milieu m\u00e9dical. L\u2019ensemble des services de secours et de&nbsp; soins prenant en charge les victimes participe au recueil des donn\u00e9es.<\/p>\n\n\n\n<p class=\"has-text-align-left\">Est incluse dans le Registre toute personne consultant \u00e0 la suite d\u2019un accident de la circulation sur une voie publique ou priv\u00e9e du d\u00e9partement du Rh\u00f4ne, accident impliquant au moins un moyen m\u00e9canique de locomotion, y compris planche ou patins \u00e0 roulettes. Des renseignements concernant la victime, son&nbsp; accident, ses l\u00e9sions et son devenir m\u00e9dical sont recueillis.<\/p>\n\n\n\n<p class=\"has-text-align-left\">Ce Registre est qualifi\u00e9 par le Comit\u00e9 National des Registres et autoris\u00e9 par la Commission Nationale de l\u2019Informatique et des Libert\u00e9s.<\/p>\n<\/blockquote>\n\n\n\n<hr class=\"wp-block-separator has-alpha-channel-opacity\"\/>\n\n\n\n<hr class=\"wp-block-separator aligncenter has-text-color has-black-color has-alpha-channel-opacity has-black-background-color has-background is-style-default\"\/>\n\n\n\n<hr class=\"wp-block-separator has-alpha-channel-opacity\"\/>\n\n\n\n<hr class=\"wp-block-separator has-alpha-channel-opacity\"\/>\n\n\n\n<h3 class=\"wp-block-heading\"><strong>Nous avons le plaisir de vous pr\u00e9senter<\/strong> :<\/h3>\n\n\n\n<h5 class=\"wp-block-heading\">La vid\u00e9o du Registre du Rh\u00f4ne<\/h5>\n\n\n\n<div class=\"wp-block-columns is-layout-flex wp-container-core-columns-is-layout-9d6595d7 wp-block-columns-is-layout-flex\">\n<div class=\"wp-block-column is-layout-flow wp-block-column-is-layout-flow\" style=\"flex-basis:100%\">\n<figure class=\"wp-block-embed is-type-video is-provider-youtube wp-block-embed-youtube wp-embed-aspect-16-9 wp-has-aspect-ratio\"><div class=\"wp-block-embed__wrapper\">\n<iframe loading=\"lazy\" title=\"Registre du Rh\u00f4ne : \u00ab\u00a0Mieux conna\u00eetre pour mieux pr\u00e9venir\u00a0\u00bb\" width=\"840\" height=\"473\" src=\"https:\/\/www.youtube.com\/embed\/onVxpEx4KYU?feature=oembed\" frameborder=\"0\" allow=\"accelerometer; autoplay; clipboard-write; encrypted-media; gyroscope; picture-in-picture; web-share\" referrerpolicy=\"strict-origin-when-cross-origin\" allowfullscreen><\/iframe>\n<\/div><\/figure>\n<\/div>\n<\/div>\n\n\n\n<hr class=\"wp-block-separator has-alpha-channel-opacity\"\/>\n\n\n\n<h5 class=\"wp-block-heading\">Ainsi que sa version courte<\/h5>\n\n\n\n<div class=\"wp-block-columns is-layout-flex wp-container-core-columns-is-layout-9d6595d7 wp-block-columns-is-layout-flex\">\n<div class=\"wp-block-column is-layout-flow wp-block-column-is-layout-flow\" style=\"flex-basis:100%\">\n<figure class=\"wp-block-embed is-type-video is-provider-youtube wp-block-embed-youtube wp-embed-aspect-16-9 wp-has-aspect-ratio\"><div class=\"wp-block-embed__wrapper\">\n<iframe loading=\"lazy\" title=\"Teaser : &quot;Mieux conna\u00eetre pour mieux pr\u00e9venir&quot;\" width=\"840\" height=\"473\" src=\"https:\/\/www.youtube.com\/embed\/nmbq_Mzusk8?feature=oembed\" frameborder=\"0\" allow=\"accelerometer; autoplay; clipboard-write; encrypted-media; gyroscope; picture-in-picture; web-share\" referrerpolicy=\"strict-origin-when-cross-origin\" allowfullscreen><\/iframe>\n<\/div><\/figure>\n<\/div>\n<\/div>\n","protected":false},"excerpt":{"rendered":"<p>Bienvenue Le Registre du Rh\u00f4ne des victimes d\u2019accidents de la circulation routi\u00e8re r\u00e9alise, depuis 1995, un enregistrement continu et le plus exhaustif possible des victimes en milieu m\u00e9dical. L\u2019ensemble des services de secours et de&nbsp; soins prenant en charge les &hellip; <\/p>\n","protected":false},"author":1,"featured_media":0,"parent":0,"menu_order":0,"comment_status":"closed","ping_status":"closed","template":"","meta":{"footnotes":""},"class_list":["post-97","page","type-page","status-publish","hentry","latest_post"],"_links":{"self":[{"href":"https:\/\/www.revarrhone.org\/index.php\/wp-json\/wp\/v2\/pages\/97","targetHints":{"allow":["GET"]}}],"collection":[{"href":"https:\/\/www.revarrhone.org\/index.php\/wp-json\/wp\/v2\/pages"}],"about":[{"href":"https:\/\/www.revarrhone.org\/index.php\/wp-json\/wp\/v2\/types\/page"}],"author":[{"embeddable":true,"href":"https:\/\/www.revarrhone.org\/index.php\/wp-json\/wp\/v2\/users\/1"}],"replies":[{"embeddable":true,"href":"https:\/\/www.revarrhone.org\/index.php\/wp-json\/wp\/v2\/comments?post=97"}],"version-history":[{"count":30,"href":"https:\/\/www.revarrhone.org\/index.php\/wp-json\/wp\/v2\/pages\/97\/revisions"}],"predecessor-version":[{"id":2563,"href":"https:\/\/www.revarrhone.org\/index.php\/wp-json\/wp\/v2\/pages\/97\/revisions\/2563"}],"wp:attachment":[{"href":"https:\/\/www.revarrhone.org\/index.php\/wp-json\/wp\/v2\/media?parent=97"}],"curies":[{"name":"wp","href":"https:\/\/api.w.org\/{rel}","templated":true}]}}