{"id":65,"date":"2022-11-24T16:30:14","date_gmt":"2022-11-24T15:30:14","guid":{"rendered":"http:\/\/wordpress.localhost\/?page_id=65"},"modified":"2026-03-27T17:06:05","modified_gmt":"2026-03-27T16:06:05","slug":"etudes-en-cours","status":"publish","type":"page","link":"https:\/\/www.revarrhone.org\/index.php\/etudes-en-cours\/","title":{"rendered":"\u00c9tudes en cours"},"content":{"rendered":"\n<div class=\"wp-block-columns is-layout-flex wp-container-core-columns-is-layout-9d6595d7 wp-block-columns-is-layout-flex\">\n<div class=\"wp-block-column has-small-font-size is-layout-flow wp-block-column-is-layout-flow\" style=\"flex-basis:20%\"><nav style=\"background-color: #dfdcdc;\" class=\"has-text-color has-black-color has-background has-small-font-size is-responsive wp-block-navigation is-layout-flex wp-block-navigation-is-layout-flex\" aria-label=\"Etudes\" \n\t\t data-wp-interactive=\"core\/navigation\" data-wp-context='{\"overlayOpenedBy\":{\"click\":false,\"hover\":false,\"focus\":false},\"type\":\"overlay\",\"roleAttribute\":\"\",\"ariaLabel\":\"Menu\"}'><button aria-haspopup=\"dialog\" aria-label=\"Ouvrir le menu\" class=\"wp-block-navigation__responsive-container-open\" \n\t\t\t\tdata-wp-on--click=\"actions.openMenuOnClick\"\n\t\t\t\tdata-wp-on--keydown=\"actions.handleMenuKeydown\"\n\t\t\t><svg width=\"24\" height=\"24\" xmlns=\"http:\/\/www.w3.org\/2000\/svg\" viewBox=\"0 0 24 24\" aria-hidden=\"true\" focusable=\"false\"><path d=\"M4 7.5h16v1.5H4z\"><\/path><path d=\"M4 15h16v1.5H4z\"><\/path><\/svg><\/button>\n\t\t\t\t<div class=\"wp-block-navigation__responsive-container\"  id=\"modal-1\" \n\t\t\t\tdata-wp-class--has-modal-open=\"state.isMenuOpen\"\n\t\t\t\tdata-wp-class--is-menu-open=\"state.isMenuOpen\"\n\t\t\t\tdata-wp-watch=\"callbacks.initMenu\"\n\t\t\t\tdata-wp-on--keydown=\"actions.handleMenuKeydown\"\n\t\t\t\tdata-wp-on--focusout=\"actions.handleMenuFocusout\"\n\t\t\t\ttabindex=\"-1\"\n\t\t\t>\n\t\t\t\t\t<div class=\"wp-block-navigation__responsive-close\" tabindex=\"-1\">\n\t\t\t\t\t\t<div class=\"wp-block-navigation__responsive-dialog\" \n\t\t\t\tdata-wp-bind--aria-modal=\"state.ariaModal\"\n\t\t\t\tdata-wp-bind--aria-label=\"state.ariaLabel\"\n\t\t\t\tdata-wp-bind--role=\"state.roleAttribute\"\n\t\t\t>\n\t\t\t\t\t\t\t<button aria-label=\"Fermer le menu\" class=\"wp-block-navigation__responsive-container-close\" \n\t\t\t\tdata-wp-on--click=\"actions.closeMenuOnClick\"\n\t\t\t><svg xmlns=\"http:\/\/www.w3.org\/2000\/svg\" viewBox=\"0 0 24 24\" width=\"24\" height=\"24\" aria-hidden=\"true\" focusable=\"false\"><path d=\"m13.06 12 6.47-6.47-1.06-1.06L12 10.94 5.53 4.47 4.47 5.53 10.94 12l-6.47 6.47 1.06 1.06L12 13.06l6.47 6.47 1.06-1.06L13.06 12Z\"><\/path><\/svg><\/button>\n\t\t\t\t\t\t\t<div class=\"wp-block-navigation__responsive-container-content\" \n\t\t\t\tdata-wp-watch=\"callbacks.focusFirstElement\"\n\t\t\t id=\"modal-1-content\">\n\t\t\t\t\t\t\t\t<ul style=\"background-color: #dfdcdc;\" class=\"wp-block-navigation__container has-text-color has-black-color has-background has-small-font-size is-responsive wp-block-navigation has-small-font-size\"><li class=\"has-small-font-size wp-block-navigation-item wp-block-navigation-link\"><a class=\"wp-block-navigation-item__content\"  href=\"https:\/\/www.revarrhone.org\/index.php\/etudes-en-cours\/\"><span class=\"wp-block-navigation-item__label\">\u00c9tudes<strong> en cours<\/strong><\/span><\/a><\/li><li class=\"has-small-font-size wp-block-navigation-item wp-block-navigation-link\"><a class=\"wp-block-navigation-item__content\"  href=\"https:\/\/www.revarrhone.org\/index.php\/etudes-realisees\/\"><span class=\"wp-block-navigation-item__label\">\u00c9tudes r\u00e9alis\u00e9es<\/span><\/a><\/li><li class=\"has-small-font-size wp-block-navigation-item wp-block-navigation-link\"><a class=\"wp-block-navigation-item__content\"  href=\"https:\/\/www.revarrhone.org\/index.php\/projets-europeens\/\"><span class=\"wp-block-navigation-item__label\">Projets europ\u00e9ens<\/span><\/a><\/li><\/ul>\n\t\t\t\t\t\t\t<\/div>\n\t\t\t\t\t\t<\/div>\n\t\t\t\t\t<\/div>\n\t\t\t\t<\/div><\/nav><\/div>\n\n\n\n<div class=\"wp-block-column is-layout-flow wp-block-column-is-layout-flow\" style=\"flex-basis:66.66%\">\n<ul class=\"wp-block-list\">\n<li><a href=\"https:\/\/www.revarrhone.org\/index.php\/2026\/03\/27\/securite-des-pietons-et-electrification-des-engins-de-deplacement-speed\/\"><strong>S\u00e9curit\u00e9 des Pi\u00e9tons et \u00c9lectrification des Engins de D\u00e9placement (SPEED)<\/strong><\/a><\/li>\n\n\n\n<li>La pr<strong>otection des motards par un gilet airbag<\/strong>\n<ul class=\"wp-block-list\">\n<li><a rel=\"noreferrer noopener\" href=\"https:\/\/www.revarrhone.org\/index.php\/2023\/06\/26\/reglementation-gilet-airbag-moto-regam\/\" target=\"_blank\"><strong>R\u00e9glementation Gilet Airbag Moto  (REGAM)<\/strong><\/a><\/li>\n\n\n\n<li><a rel=\"noreferrer noopener\" href=\"https:\/\/www.revarrhone.org\/index.php\/2023\/06\/26\/efficacite-des-dispositifs-airbag-individuels-sur-route-edair\/\" target=\"_blank\"><strong>Efficacit\u00e9 des dispositifs airbag individuels sur route (projet EDAIR)<\/strong><\/a><\/li>\n<\/ul>\n<\/li>\n\n\n\n<li><a rel=\"noreferrer noopener\" href=\"https:\/\/www.revarrhone.org\/index.php\/2022\/09\/27\/engin-de-deplacement-personnel-a-lyon-mobilite-et-securite-elmos-causes-et-consequences-des-accidents\/\" data-type=\"post\" data-id=\"1433\" target=\"_blank\"><strong>Engin de d\u00e9placement personnel \u00e0 Lyon MObilit\u00e9 et S\u00e9curit\u00e9 (ELMOS) : causes et cons\u00e9quences des accidents<\/strong><\/a><\/li>\n\n\n\n<li><a rel=\"noreferrer noopener\" href=\"https:\/\/www.revarrhone.org\/index.php\/2023\/06\/26\/analyse-des-accidents-de-trottinettes-et-autres-engins-de-deplacement-personnels-edp\/\" target=\"_blank\"><strong>Analyse des accidents de trottinettes et autres engins de d\u00e9placement personnels (EDP)<\/strong><\/a><\/li>\n\n\n\n<li><a rel=\"noreferrer noopener\" href=\"https:\/\/www.revarrhone.org\/index.php\/2023\/06\/26\/les-parcours-de-soins-des-accidentes-de-la-route-projet-parcours\/\" target=\"_blank\"><strong>Les parcours de soins des accident\u00e9s de la route (projet Parcours)<\/strong><\/a><\/li>\n\n\n\n<li><a rel=\"noreferrer noopener\" href=\"https:\/\/www.revarrhone.org\/index.php\/2023\/06\/09\/evaluation-de-la-gravite-des-traumatismes-projet-cim-ais\/\" target=\"_blank\"><strong>\u00c9valuation de la gravit\u00e9 des traumatismes (projet CIM-AIS)<\/strong><\/a><\/li>\n\n\n\n<li><a rel=\"noreferrer noopener\" href=\"https:\/\/www.revarrhone.org\/index.php\/2023\/06\/09\/prevalence-de-la-douleur-chronique-deux-ans-apres-laccident-et-facteurs-biopsychosociaux-associes\/\" target=\"_blank\"><strong>Pr\u00e9valence de la douleur chronique deux ans apr\u00e8s l\u2018accident et facteurs biopsychosociaux associ\u00e9s<\/strong><\/a><\/li>\n\n\n\n<li><a rel=\"noreferrer noopener\" href=\"https:\/\/www.revarrhone.org\/index.php\/2023\/03\/21\/accidents-dedp-dans-le-cadre-professionnel\/\" target=\"_blank\"><strong>Accidents d\u2019EDP dans le cadre professionnel<\/strong><\/a><\/li>\n\n\n\n<li><a rel=\"noreferrer noopener\" href=\"https:\/\/www.revarrhone.org\/index.php\/2023\/06\/09\/traumatologie-routiere-pendant-la-premiere-periode-de-confinement-pour-cause-de-pandemie-de-covid-19-registre-du-rhone\/\" target=\"_blank\"><strong>Traumatologie routi\u00e8re pendant la premi\u00e8re p\u00e9riode de confinement pour cause de pand\u00e9mie de Covid-19 &#8211; Registre du Rh\u00f4ne<\/strong><\/a><\/li>\n\n\n\n<li><a rel=\"noreferrer noopener\" href=\"https:\/\/www.revarrhone.org\/index.php\/2023\/06\/09\/les-accidents-de-modes-apparentes-aux-modes-actifs-projet-amaa\/\" target=\"_blank\"><strong>Les accidents de modes apparent\u00e9s aux modes actifs (projet AMAA)<\/strong><\/a><\/li>\n\n\n\n<li><a rel=\"noreferrer noopener\" href=\"https:\/\/www.revarrhone.org\/index.php\/2021\/02\/18\/traumatismes-thoraciques\/\" data-type=\"post\" data-id=\"1336\" target=\"_blank\"><strong>Traumatismes thoraciques<\/strong><\/a><\/li>\n\n\n\n<li><a rel=\"noreferrer noopener\" href=\"https:\/\/www.revarrhone.org\/index.php\/2019\/09\/02\/prise-en-charge-intelligente-des-victimes-daccidents-isafe-vh-phase-1\/\" data-type=\"post\" data-id=\"1283\" target=\"_blank\"><strong>Prise en charge \u00ab&nbsp;intelligente&nbsp;\u00bb des victimes d\u2019accidents (I-Safe-VH Phases 1 et 2)<\/strong><\/a><\/li>\n\n\n\n<li><strong><a href=\"https:\/\/www.revarrhone.org\/index.php\/2021\/02\/18\/disparites-socio-territoriales-face-au-risque-routier\/\" data-type=\"post\" data-id=\"1339\" target=\"_blank\" rel=\"noreferrer noopener\">Disparit\u00e9s socio-territoriales face au risque routier<\/a><\/strong><\/li>\n\n\n\n<li><strong><a href=\"https:\/\/www.revarrhone.org\/index.php\/2020\/12\/15\/exploitation-du-registre-pour-une-meilleure-connaissance-des-blessures-des-accidentes-de-la-route-reg-trauma\/\" data-type=\"post\" data-id=\"1118\" target=\"_blank\" rel=\"noreferrer noopener\">Exploitation du Registre pour une meilleure connaissance des blessures des accident\u00e9s de la route (Reg-Trauma)<\/a><\/strong><\/li>\n<\/ul>\n<\/div>\n<\/div>\n\n\n\n<p><\/p>\n","protected":false},"excerpt":{"rendered":"","protected":false},"author":2,"featured_media":0,"parent":0,"menu_order":0,"comment_status":"closed","ping_status":"closed","template":"","meta":{"footnotes":""},"class_list":["post-65","page","type-page","status-publish","hentry","latest_post"],"_links":{"self":[{"href":"https:\/\/www.revarrhone.org\/index.php\/wp-json\/wp\/v2\/pages\/65","targetHints":{"allow":["GET"]}}],"collection":[{"href":"https:\/\/www.revarrhone.org\/index.php\/wp-json\/wp\/v2\/pages"}],"about":[{"href":"https:\/\/www.revarrhone.org\/index.php\/wp-json\/wp\/v2\/types\/page"}],"author":[{"embeddable":true,"href":"https:\/\/www.revarrhone.org\/index.php\/wp-json\/wp\/v2\/users\/2"}],"replies":[{"embeddable":true,"href":"https:\/\/www.revarrhone.org\/index.php\/wp-json\/wp\/v2\/comments?post=65"}],"version-history":[{"count":43,"href":"https:\/\/www.revarrhone.org\/index.php\/wp-json\/wp\/v2\/pages\/65\/revisions"}],"predecessor-version":[{"id":2527,"href":"https:\/\/www.revarrhone.org\/index.php\/wp-json\/wp\/v2\/pages\/65\/revisions\/2527"}],"wp:attachment":[{"href":"https:\/\/www.revarrhone.org\/index.php\/wp-json\/wp\/v2\/media?parent=65"}],"curies":[{"name":"wp","href":"https:\/\/api.w.org\/{rel}","templated":true}]}}